{"id":9795,"date":"2023-09-18T15:08:06","date_gmt":"2023-09-18T13:08:06","guid":{"rendered":"https:\/\/bertalansoos.com\/?page_id=9795"},"modified":"2024-05-15T16:37:56","modified_gmt":"2024-05-15T14:37:56","slug":"altalanos-szerzodesi-feltetelek","status":"publish","type":"page","link":"https:\/\/bertalansoos.com\/en\/altalanos-szerzodesi-feltetelek\/","title":{"rendered":"GENERAL TERMS AND CONDITIONS"},"content":{"rendered":"<div style=\"height:60px\" aria-hidden=\"true\" class=\"wp-block-spacer\"><\/div>\n\n\n\n<h2 class=\"wp-block-heading has-text-align-center\">GENERAL TERMS AND CONDITIONS<\/h2>\n\n\n\n<ol class=\"wp-block-list\">\n<li><strong>Introductory Provisions<\/strong><\/li>\n<\/ol>\n\n\n\n<p class=\"wp-block-paragraph\">1.1 These General Terms and Conditions (hereinafter referred to as \"GTC\") define the content of the contract concluded between So\u00f3s Bertalan e.v. (registered office: 1094 Budapest, Berzenczey Street 4-6, 4th floor 46\/a; tax number: 66187969-2-43), as the service provider (\"Provider\") and the user of the commercial services provided by the Provider on the bertalansoos.com\/shop (\"Webshop\") website (\"Customer\"), in addition to the provisions of mandatory applicable laws. Accordingly, it includes the rights and obligations of the Parties (Customer and Provider collectively referred to as the \"Parties\"), the conditions for the conclusion of the contract, the deadlines for performance, the terms of delivery and payment, liability rules, as well as the conditions for exercising the right of withdrawal.\u00a0<\/p>\n\n\n\n<p class=\"wp-block-paragraph\">\u00a01.2 By using the Webshop, the Customer accepts and acknowledges as binding the provisions contained in these General Terms and Conditions (\"GTC\"). Please only use our services if you agree to all of its points. If you have any questions regarding these General Terms and Conditions, the use of the website, individual products, or the process of purchasing, or if you would like to discuss your specific requirements with us, please contact us at the provided contact details.\u00a0<\/p>\n\n\n\n<p class=\"wp-block-paragraph\">1.3 This document is not registered; it is concluded solely in electronic form (it does not constitute a written contract), and it does not refer to a code of conduct. If any part of the GTC is legally incomplete or invalid, the other provisions of the contract remain in force, and the relevant provisions of the applicable laws shall apply in place of the invalid or incorrect part.<\/p>\n\n\n\n<p class=\"wp-block-paragraph\">1.4 Hungarian law shall apply to matters not regulated in these GTC, as well as to the interpretation of the GTC, with particular reference to Act V of 2013 on the Civil Code (\"Civil Code\") and Act CXXVIII of 2001 on certain issues of electronic commerce services and information society services. The mandatory provisions of the relevant laws shall apply to the Parties without any specific stipulation.<\/p>\n\n\n\n<ol class=\"wp-block-list\" start=\"2\">\n<li><strong>Provider's Details<\/strong><\/li>\n<\/ol>\n\n\n\n<p class=\"wp-block-paragraph\"><strong>Name of the provider: So\u00f3s Bertalan e.v.<\/strong><\/p>\n\n\n\n<p class=\"wp-block-paragraph\">Provider's registered office: 1094 Budapest, Berzenczey Street 4-6, 4th floor 46\/a<\/p>\n\n\n\n<p class=\"wp-block-paragraph\">Registration number: 32492489<\/p>\n\n\n\n<p class=\"wp-block-paragraph\">Tax number: 66187969-2-43<\/p>\n\n\n\n<p class=\"wp-block-paragraph\">Provider's email address: <a href=\"mailto:info@bertalansoos.com\">info@bertalansoos.com<\/a>&nbsp;<\/p>\n\n\n\n<p class=\"wp-block-paragraph\">Phone number: +36-70\/326-3769<\/p>\n\n\n\n<p class=\"wp-block-paragraph\">Language of the contract: English<\/p>\n\n\n\n<ol class=\"wp-block-list\" start=\"3\">\n<li><strong>Protection and Security of Personal Data<\/strong><\/li>\n<\/ol>\n\n\n\n<p class=\"wp-block-paragraph\">3.1 The website's privacy policy regulates the protection of personal data in detail. These provisions are mandatory for all Customers.<\/p>\n\n\n\n<ol class=\"wp-block-list\" start=\"4\">\n<li><strong>Range of Products and Services Available for Purchase<\/strong><\/li>\n<\/ol>\n\n\n\n<p class=\"wp-block-paragraph\">4.1 The Webshop sells art products that can be ordered electronically.&nbsp;<\/p>\n\n\n\n<p class=\"wp-block-paragraph\">4.2 Two types of products are available in the Webshop based on the time of preparation: products already in stock before ordering and products to be prepared based on the Customer's order. The deadlines for performance and the right of withdrawal may vary depending on the type of product.<\/p>\n\n\n\n<p class=\"wp-block-paragraph\">4.3 The data available in the Webshop is for informational purposes only.\u00a0<\/p>\n\n\n\n<p class=\"wp-block-paragraph\">4.4 Prices are not listed alongside the products and services in the Webshop. The Customer can request a quote from the Provider via email at <a href=\"mailto:info@bertalansoos.com\">info@bertalansoos.com<\/a> .<\/p>\n\n\n\n<ol class=\"wp-block-list\" start=\"5\">\n<li><strong>Procedure for Placing, Processing, and Fulfilling Orders<\/strong><\/li>\n<\/ol>\n\n\n\n<p class=\"wp-block-paragraph\">5.1 You can place your order via email by providing details about the product and\/or service, billing, and delivery-related information to this email address: <a href=\"mailto:info@bertalansoos.com\">info@bertalansoos.com<\/a>\u00a0<\/p>\n\n\n\n<p class=\"wp-block-paragraph\">5.2 The Provider is obliged to confirm the Customer's order to the Customer electronically without delay, but no later than within 2 business days. The order and its confirmation are considered received by the Provider or the Customer when it becomes accessible to them. Incorrectly provided email address or full inbox of the mailbox may result in non-delivery of the confirmation.\u00a0<\/p>\n\n\n\n<p class=\"wp-block-paragraph\">5.3 The Provider can fulfill orders within 5 to 15 business days from the confirmation, depending on the nature of the selected product and the chosen payment method. For products already in stock, personal pickup can be arranged on the same day as the order, while the processing time for elaborated images (e.g., mounting, framing) extends the fulfillment time. In the case of payment by credit card, fulfillment begins on the day the payment is received on the Provider's bank account, while for cash payments, it begins on the day of order confirmation. The Provider always strives to adhere to the expected fulfillment deadline; however, it is not responsible if the above-mentioned usual or indicated fulfillment time cannot be met. In case of any delay, the Provider endeavors to inform the Customer.<\/p>\n\n\n\n<p class=\"wp-block-paragraph\">5.4 Expected preparation times for individual product types are as follows:<\/p>\n\n\n\n<ul class=\"wp-block-list\">\n<li>Products in stock and postcards: immediate<\/li>\n\n\n\n<li>Premium paper prints: 5-6 business days<\/li>\n\n\n\n<li>Acrylic images, canvas images, and images mounted on aluminum sheets: 6-12 business days<\/li>\n\n\n\n<li>Framed images: 8-15 business days<\/li>\n<\/ul>\n\n\n\n<p class=\"wp-block-paragraph\">5.5 If the Provider is unable to fulfill its contractual obligation for any reason, it is obliged to inform the Customer immediately and refund the amount paid by the Customer without delay, but no later than within thirty days.\u00a0<\/p>\n\n\n\n<ol class=\"wp-block-list\" start=\"6\">\n<li><strong>Correction of Input Errors - Responsibility for the Accuracy of Provided Data<\/strong><\/li>\n<\/ol>\n\n\n\n<p class=\"wp-block-paragraph\">6.1 The Customer is responsible for the accuracy, validity, and authenticity of the data provided when ordering products and\/or services.<\/p>\n\n\n\n<p class=\"wp-block-paragraph\">6.2 By placing an order, the Customer acknowledges that the Provider is entitled to charge the Customer for any damage and costs arising from inaccurately provided data. The Customer is not liable for inaccurately provided data only for the performance based on such inaccurate data.<\/p>\n\n\n\n<ol class=\"wp-block-list\" start=\"7\">\n<li><strong>Payment Options<\/strong><\/li>\n<\/ol>\n\n\n\n<p class=\"wp-block-paragraph\">7.1 The Customer can pay for the product price by bank transfer or in cash.<\/p>\n\n\n\n<p class=\"wp-block-paragraph\">7.2 Bank transfer: upon receipt of the electronic invoice. Fulfillment begins on the day the transfer is received on the Provider's bank account.<\/p>\n\n\n\n<p class=\"wp-block-paragraph\">7.3 Cash payment: available for orders not exceeding 80,000 HUF and for personal pickup. <\/p>\n\n\n\n<ol class=\"wp-block-list\" start=\"8\">\n<li><strong>Delivery and Personal Pickup<\/strong><\/li>\n<\/ol>\n\n\n\n<p class=\"wp-block-paragraph\">8.1 The details and cost of home delivery are agreed upon by the Parties during the ordering process. <\/p>\n\n\n\n<p class=\"wp-block-paragraph\">8.2 The price of the product does not include the cost of home delivery and the packaging required for it.<\/p>\n\n\n\n<p class=\"wp-block-paragraph\">8.3 Delivery is not available for the following product types and delivery destinations:<\/p>\n\n\n\n<ul class=\"wp-block-list\">\n<li>delivery of framed images outside Hungary<\/li>\n<\/ul>\n\n\n\n<ol class=\"wp-block-list\" start=\"9\">\n<li><strong>Right of Withdrawal<\/strong><\/li>\n<\/ol>\n\n\n\n<p class=\"wp-block-paragraph\">9.1 Pursuant to Government Decree 45\/2014 (II.26.) on the detailed rules of contracts between consumers and businesses, the Customer may withdraw from the contract without justification within 14 days of receiving the ordered product and return the ordered product, except if the product has been produced according to the Customer's wishes or personalized instructions, and it can be presumed that it was made exclusively for the Customer and has value to the Customer, in which case the Provider is not obliged to take back the product. &nbsp;<\/p>\n\n\n\n<p class=\"wp-block-paragraph\">9.2 If the consumer wishes to exercise their right of withdrawal as detailed in section 9.1, they must notify the Provider immediately, but no later than within 14 days, by email or phone, and arrange for the return of the product to the Provider. The Customer is responsible for any decrease in value resulting from the use of the product beyond what is necessary to establish the nature, characteristics, and functioning of the product, and must reimburse the Provider accordingly.<\/p>\n\n\n\n<p class=\"wp-block-paragraph\">9.3 In the case of a contract for the purchase of goods, the business may withhold the amount to be refunded to the consumer until the consumer returns the goods to the Provider or provides conclusive evidence to the Provider that they have returned the goods.&nbsp;<\/p>\n\n\n\n<ol class=\"wp-block-list\" start=\"10\">\n<li><strong>Warranty<\/strong><\/li>\n<\/ol>\n\n\n\n<p class=\"wp-block-paragraph\">10.1 The Provider's warranty and liability are governed by the provisions of the Civil Code.&nbsp;<\/p>\n\n\n\n<ol class=\"wp-block-list\" start=\"11\">\n<li><strong>Complaint Handling<\/strong><\/li>\n<\/ol>\n\n\n\n<p class=\"wp-block-paragraph\">11.1 The Customer may communicate any complaints regarding the operation of the Webshop, product sales, or any issues related to products and\/or services orally or in writing to one of the Provider's contact details.&nbsp;<\/p>\n\n\n\n<p class=\"wp-block-paragraph\">11.2 The Provider is obliged to investigate the Customer's complaint and, if necessary, remedy it.<\/p>\n\n\n\n<p class=\"wp-block-paragraph\">11.3 The Provider and the Customer shall attempt to settle their disputes amicably. For disputes falling under the scope of these Regulations that cannot be settled by agreement, the parties may refer to the following bodies: consumer protection authority, competent conciliation bodies, court.<\/p>\n\n\n\n<ol class=\"wp-block-list\" start=\"12\">\n<li><strong>Other Provisions, Information<\/strong><\/li>\n<\/ol>\n\n\n\n<p class=\"wp-block-paragraph\">12.1 Pursuant to Section 1 (1) of Act LXXVI of 1999 on Copyright (hereinafter: Copyright Act), the website is considered a copyrighted work, and therefore, all parts of it are protected by copyright. Pursuant to Section 16 (1) of the Copyright Act, it is prohibited to use graphic and software solutions found on the website, computer program developments without permission, or any application that can modify the website or any of its parts. Any material taken from the website and its database may only be used with the written consent of the copyright owner, with reference to the website and indicating the source. Images on the website are protected by copyright.&nbsp;&nbsp;<\/p>\n\n\n\n<p class=\"wp-block-paragraph\">Budapest, 2023.09.18.<\/p>","protected":false},"excerpt":{"rendered":"<p>\u00c1ltal\u00e1nos Szerz\u0151d\u00e9si Felt\u00e9telek 1.1 A jelen \u00c1SZF hat\u00e1rozza meg So\u00f3s Bertalan e.v. (sz\u00e9khely: 1094 Budapest, Berzenczey utca 4-6, 4.em 46\/a; ad\u00f3sz\u00e1m: 66187969-2-43), mint szolg\u00e1ltat\u00f3 (\u201cSzolg\u00e1ltat\u00f3\u201d) \u00e9s a Szolg\u00e1ltat\u00f3 \u00e1ltal a bertalansoos.com\/shop (\u201cWeb\u00e1ruh\u00e1z\u201d) oldalon ny\u00fajtott kereskedelmi szolg\u00e1ltat\u00e1sokat ig\u00e9nybe vev\u0151 (\u201cV\u00e1s\u00e1rl\u00f3\u201d)\u00a0 k\u00f6z\u00f6tt l\u00e9trej\u00f6v\u0151 szerz\u0151d\u00e9s tartalm\u00e1t a vonatkoz\u00f3 k\u00f6telez\u0151 \u00e9rv\u00e9ny\u0171 jogszab\u00e1lyok rendelkez\u00e9sei mellett . Ennek megfelel\u0151en tartalmazza a [&hellip;]<\/p>\n","protected":false},"author":220967659,"featured_media":0,"parent":0,"menu_order":0,"comment_status":"closed","ping_status":"closed","template":"","meta":{"_crdt_document":"","cybocfi_hide_featured_image":"","footnotes":""},"class_list":["post-9795","page","type-page","status-publish","hentry"],"jetpack_shortlink":"https:\/\/wp.me\/PdWYFF-2xZ","jetpack-related-posts":[{"id":7389,"url":"https:\/\/bertalansoos.com\/en\/adatkezelesi-tajekoztato\/","url_meta":{"origin":9795,"position":0},"title":"Adatkezel\u00e9si t\u00e1j\u00e9koztat\u00f3","author":"soosbertalan","date":"2023.02.20.","format":false,"excerpt":"Adatv\u00e9delmi \u00e9s adatkezel\u00e9si t\u00e1j\u00e9koztat\u00f3 A t\u00e1j\u00e9koztat\u00e1s c\u00e9lja Jelen adatv\u00e9delmi t\u00e1j\u00e9koztat\u00e1s c\u00e9lja, hogy So\u00f3s Bertalan e.v. (sz\u00e9khely: 1094 Budapest, Berzenczey utca 4-6, 4.em 46\/a; nyilv\u00e1ntart\u00e1si sz\u00e1m: 32492489; ad\u00f3sz\u00e1m: 66187969-2-43) \u00e1ltal a honlapon (bertalansoos.com) \u00e9s a kapcsol\u00f3d\u00f3 k\u00f6z\u00f6ss\u00e9gi oldalakon (facebook.com\/lefotozlak; instagram.com\/soosbertalan), valamint az adatkezel\u0151k sz\u00e9khelyein alkalmazott adatv\u00e9delmi \u00e9s adatkezel\u00e9si elveket r\u00f6gz\u00edtse \u00e9s\u2026","rel":"","context":"Similar post","block_context":{"text":"Similar post","link":""},"img":{"alt_text":"","src":"","width":0,"height":0},"classes":[]},{"id":3926,"url":"https:\/\/bertalansoos.com\/en\/reklamfotozas\/","url_meta":{"origin":9795,"position":1},"title":"Rekl\u00e1mfot\u00f3z\u00e1s \/ Kreat\u00edv kamp\u00e1nyfot\u00f3k \u00e9s arculati fot\u00f3k a m\u00e1rk\u00e1dhoz","author":"soosbertalan","date":"2022.12.09.","format":false,"excerpt":"Rekl\u00e1mfot\u00f3z\u00e1s kamp\u00e1nyfot\u00f3z\u00e1s standfot\u00f3z\u00e1s, still fot\u00f3k k\u00e9sz\u00edt\u00e9se rekl\u00e1mfilm forgat\u00e1sokon social media tartalom k\u00e9sz\u00edt\u00e9s arculatfot\u00f3z\u00e1s K\u00e9pgal\u00e9ri\u00e1k Tov\u00e1bbi k\u00e9pek \u00e9s kor\u00e1bbi munk\u00e1im rekl\u00e1mfot\u00f3z\u00e1s t\u00e9mak\u00f6rben el\u00e9rhet\u0151k az al\u00e1bbi gal\u00e9ri\u00e1kra kattintva. A rekl\u00e1mfot\u00f3z\u00e1sban sz\u00e9lesk\u00f6r\u0171 tapasztalattal rendelkezem, legyen sz\u00f3 kamp\u00e1nyfot\u00f3kr\u00f3l, standfot\u00f3z\u00e1sr\u00f3l, vagy still fot\u00f3z\u00e1sr\u00f3l rekl\u00e1mfilm forgat\u00e1sokon. Emellett social media tartalom k\u00e9sz\u00edt\u00e9s\u00e9vel is foglalkozom, seg\u00edtve a m\u00e1rk\u00e1k\u2026","rel":"","context":"Similar post","block_context":{"text":"Similar post","link":""},"img":{"alt_text":"","src":"https:\/\/i0.wp.com\/bertalansoos.com\/wp-content\/uploads\/2023\/02\/Reklamfotozas_eMag_02.jpg?fit=1200%2C800&ssl=1&resize=350%2C200","width":350,"height":200,"srcset":"https:\/\/i0.wp.com\/bertalansoos.com\/wp-content\/uploads\/2023\/02\/Reklamfotozas_eMag_02.jpg?fit=1200%2C800&ssl=1&resize=350%2C200 1x, https:\/\/i0.wp.com\/bertalansoos.com\/wp-content\/uploads\/2023\/02\/Reklamfotozas_eMag_02.jpg?fit=1200%2C800&ssl=1&resize=525%2C300 1.5x, https:\/\/i0.wp.com\/bertalansoos.com\/wp-content\/uploads\/2023\/02\/Reklamfotozas_eMag_02.jpg?fit=1200%2C800&ssl=1&resize=700%2C400 2x, https:\/\/i0.wp.com\/bertalansoos.com\/wp-content\/uploads\/2023\/02\/Reklamfotozas_eMag_02.jpg?fit=1200%2C800&ssl=1&resize=1050%2C600 3x"},"classes":[]},{"id":146,"url":"https:\/\/bertalansoos.com\/en\/","url_meta":{"origin":9795,"position":2},"title":"So\u00f3s Bertalan \/ \u00dczleti fot\u00f3z\u00e1s \/ portr\u00e9, rendezv\u00e9ny, c\u00e9ges arculat, rekl\u00e1m, term\u00e9k \u00e9s \u00e9p\u00fclet fot\u00f3z\u00e1s","author":"soosbertalan","date":"2022.05.19.","format":false,"excerpt":"Professzion\u00e1lis rekl\u00e1mfot\u00f3s \u00e9s \u00fczleti fot\u00f3s. C\u00e9ges arculatk\u00e9pek, portr\u00e9k, term\u00e9kfot\u00f3k \u00e9s \u00e9p\u00fcletfot\u00f3k k\u00e9sz\u00edt\u00e9se. Referenci\u00e1k a honlapon.","rel":"","context":"Similar post","block_context":{"text":"Similar post","link":""},"img":{"alt_text":"","src":"https:\/\/i0.wp.com\/bertalansoos.com\/wp-content\/uploads\/2022\/05\/Fotonyomat_P001_Budapest_giclee_Budai_var.jpg?fit=1200%2C800&ssl=1&resize=350%2C200","width":350,"height":200,"srcset":"https:\/\/i0.wp.com\/bertalansoos.com\/wp-content\/uploads\/2022\/05\/Fotonyomat_P001_Budapest_giclee_Budai_var.jpg?fit=1200%2C800&ssl=1&resize=350%2C200 1x, https:\/\/i0.wp.com\/bertalansoos.com\/wp-content\/uploads\/2022\/05\/Fotonyomat_P001_Budapest_giclee_Budai_var.jpg?fit=1200%2C800&ssl=1&resize=525%2C300 1.5x, https:\/\/i0.wp.com\/bertalansoos.com\/wp-content\/uploads\/2022\/05\/Fotonyomat_P001_Budapest_giclee_Budai_var.jpg?fit=1200%2C800&ssl=1&resize=700%2C400 2x, https:\/\/i0.wp.com\/bertalansoos.com\/wp-content\/uploads\/2022\/05\/Fotonyomat_P001_Budapest_giclee_Budai_var.jpg?fit=1200%2C800&ssl=1&resize=1050%2C600 3x"},"classes":[]},{"id":3924,"url":"https:\/\/bertalansoos.com\/en\/varosi-hangulatkepek\/","url_meta":{"origin":9795,"position":3},"title":"V\u00e1rosi hangulatk\u00e9pek \/ egyedi v\u00e1rosfot\u00f3k, \u00e9p\u00fcletfot\u00f3k Budapestr\u0151l, Toki\u00f3r\u00f3l, New Yorkr\u00f3l \u00e9s m\u00e1s t\u00e1jakr\u00f3l","author":"soosbertalan","date":"2022.12.09.","format":false,"excerpt":"V\u00e1rosi hangulatk\u00e9pek l\u00e1tv\u00e1nyos v\u00e1rosk\u00e9pek \u00e9s \u00e9p\u00fcletfot\u00f3k hangulatos \u00e9letk\u00e9pek r\u00e9szv\u00e9tel r\u00f6vid \u00e9s hossz\u00fat\u00e1v\u00fa projektekben: illusztr\u00e1ci\u00f3k k\u00e9sz\u00edt\u00e9se kiadv\u00e1nyokba, m\u00e1rkaegy\u00fcttm\u0171k\u00f6d\u00e9sek, ki\u00e1ll\u00edt\u00e1sokra k\u00e9panyag biztos\u00edt\u00e1sa t\u00f6bb ezer k\u00e9pes arch\u00edvum Budapestr\u0151l \u00e9s Magyarorsz\u00e1g egy\u00e9b t\u00e1jair\u00f3l K\u00e9pgal\u00e9ri\u00e1k Tov\u00e1bbi k\u00e9pek \u00e9s kor\u00e1bbi fot\u00f3projektjeim a v\u00e1rosi hangulatk\u00e9pek t\u00e9mak\u00f6rben el\u00e9rhet\u0151k az al\u00e1bbi gal\u00e9ri\u00e1kra kattintva. A v\u00e1rosi hangulatfot\u00f3z\u00e1s seg\u00edt megragadni egy\u2026","rel":"","context":"Similar post","block_context":{"text":"Similar post","link":""},"img":{"alt_text":"","src":"https:\/\/i0.wp.com\/bertalansoos.com\/wp-content\/uploads\/2023\/02\/Bertalan_Soos_fotos-11.jpg?fit=1200%2C800&ssl=1&resize=350%2C200","width":350,"height":200,"srcset":"https:\/\/i0.wp.com\/bertalansoos.com\/wp-content\/uploads\/2023\/02\/Bertalan_Soos_fotos-11.jpg?fit=1200%2C800&ssl=1&resize=350%2C200 1x, https:\/\/i0.wp.com\/bertalansoos.com\/wp-content\/uploads\/2023\/02\/Bertalan_Soos_fotos-11.jpg?fit=1200%2C800&ssl=1&resize=525%2C300 1.5x, https:\/\/i0.wp.com\/bertalansoos.com\/wp-content\/uploads\/2023\/02\/Bertalan_Soos_fotos-11.jpg?fit=1200%2C800&ssl=1&resize=700%2C400 2x, https:\/\/i0.wp.com\/bertalansoos.com\/wp-content\/uploads\/2023\/02\/Bertalan_Soos_fotos-11.jpg?fit=1200%2C800&ssl=1&resize=1050%2C600 3x"},"classes":[]},{"id":279,"url":"https:\/\/bertalansoos.com\/en\/rolam\/","url_meta":{"origin":9795,"position":4},"title":"R\u00f3lam \/ So\u00f3s Bertalan \/ Professzion\u00e1lis fot\u00f3s \/ Budapest \/ B\u00e9cs","author":"soosbertalan","date":"2023.02.17.","format":false,"excerpt":"info@bertalansoos.com +36-70-3263769 So\u00f3s Bertalan \/ Fot\u00f3s Sz\u00e1momra a fot\u00f3z\u00e1s nemcsak hivat\u00e1s, hanem hobbi is, szinte nincs olyan alkalom, hogy ne lenne n\u00e1lam f\u00e9nyk\u00e9pez\u0151g\u00e9p. Legkedveltebb t\u00e9m\u00e1m a hangulat- \u00e9s \u00e9letk\u00e9pek k\u00e9sz\u00edt\u00e9se jellemz\u0151en v\u00e1rosi k\u00f6rnyezetben. Folyamatosan keresem az \u00faj megk\u00f6zel\u00edt\u00e9seket \u00e9s \u00e9rdekes projekteket, amivel esetleg egy olyan oldal\u00e1t tudom megmutatni a mindennapjainknak,\u2026","rel":"","context":"Similar post","block_context":{"text":"Similar post","link":""},"img":{"alt_text":"","src":"https:\/\/i0.wp.com\/bertalansoos.com\/wp-content\/uploads\/2023\/02\/soosbertalan-397200802-e1676831365149.jpg?resize=350%2C200&ssl=1","width":350,"height":200,"srcset":"https:\/\/i0.wp.com\/bertalansoos.com\/wp-content\/uploads\/2023\/02\/soosbertalan-397200802-e1676831365149.jpg?resize=350%2C200&ssl=1 1x, https:\/\/i0.wp.com\/bertalansoos.com\/wp-content\/uploads\/2023\/02\/soosbertalan-397200802-e1676831365149.jpg?resize=525%2C300&ssl=1 1.5x, https:\/\/i0.wp.com\/bertalansoos.com\/wp-content\/uploads\/2023\/02\/soosbertalan-397200802-e1676831365149.jpg?resize=700%2C400&ssl=1 2x, https:\/\/i0.wp.com\/bertalansoos.com\/wp-content\/uploads\/2023\/02\/soosbertalan-397200802-e1676831365149.jpg?resize=1050%2C600&ssl=1 3x, https:\/\/i0.wp.com\/bertalansoos.com\/wp-content\/uploads\/2023\/02\/soosbertalan-397200802-e1676831365149.jpg?resize=1400%2C800&ssl=1 4x"},"classes":[]},{"id":13676,"url":"https:\/\/bertalansoos.com\/en\/budapest-kepeslapok\/","url_meta":{"origin":9795,"position":5},"title":"Budapest k\u00e9peslap \/ So\u00f3s Bertalan v\u00e1rosk\u00e9pei \/ Limit\u00e1lt sorozat","author":"soosbertalan","date":"2024.05.15.","format":false,"excerpt":"Budapesti hangulatk\u00e9pek Folyamatosan b\u0151v\u00fcl\u0151, kis p\u00e9ld\u00e1nysz\u00e1mban megjelen\u0151, sz\u00e1mozott k\u00e9peslapsorozat So\u00f3s Bertalan v\u00e1logatott budapesti fot\u00f3ib\u00f3l. Al\u00e1bb megtal\u00e1lhat\u00f3 a sorozat \u00f6sszes eleme r\u00e9szletes le\u00edr\u00e1ssal. Tov\u00e1bbi inform\u00e1ci\u00f3k\u00e9rt \u00edrj az info@bertalansoos.com email c\u00edmre vagy l\u00e1togass el a fot\u00f3s honlapj\u00e1ra, facebook vagy instagram oldalaira. K\u00e9peslap \/ 1 Budapest 2018 \u00a9 So\u00f3s Bertalan - Orsz\u00e1gh\u00e1z el\u0151t\u00e9rben\u2026","rel":"","context":"Similar post","block_context":{"text":"Similar post","link":""},"img":{"alt_text":"","src":"https:\/\/i0.wp.com\/bertalansoos.com\/wp-content\/uploads\/2023\/09\/Budapest_kepeslap_20.jpg?fit=1200%2C800&ssl=1&resize=350%2C200","width":350,"height":200,"srcset":"https:\/\/i0.wp.com\/bertalansoos.com\/wp-content\/uploads\/2023\/09\/Budapest_kepeslap_20.jpg?fit=1200%2C800&ssl=1&resize=350%2C200 1x, https:\/\/i0.wp.com\/bertalansoos.com\/wp-content\/uploads\/2023\/09\/Budapest_kepeslap_20.jpg?fit=1200%2C800&ssl=1&resize=525%2C300 1.5x, https:\/\/i0.wp.com\/bertalansoos.com\/wp-content\/uploads\/2023\/09\/Budapest_kepeslap_20.jpg?fit=1200%2C800&ssl=1&resize=700%2C400 2x, https:\/\/i0.wp.com\/bertalansoos.com\/wp-content\/uploads\/2023\/09\/Budapest_kepeslap_20.jpg?fit=1200%2C800&ssl=1&resize=1050%2C600 3x"},"classes":[]}],"jetpack_sharing_enabled":true,"amp_enabled":true,"_links":{"self":[{"href":"https:\/\/bertalansoos.com\/en\/wp-json\/wp\/v2\/pages\/9795","targetHints":{"allow":["GET"]}}],"collection":[{"href":"https:\/\/bertalansoos.com\/en\/wp-json\/wp\/v2\/pages"}],"about":[{"href":"https:\/\/bertalansoos.com\/en\/wp-json\/wp\/v2\/types\/page"}],"author":[{"embeddable":true,"href":"https:\/\/bertalansoos.com\/en\/wp-json\/wp\/v2\/users\/220967659"}],"replies":[{"embeddable":true,"href":"https:\/\/bertalansoos.com\/en\/wp-json\/wp\/v2\/comments?post=9795"}],"version-history":[{"count":11,"href":"https:\/\/bertalansoos.com\/en\/wp-json\/wp\/v2\/pages\/9795\/revisions"}],"predecessor-version":[{"id":13703,"href":"https:\/\/bertalansoos.com\/en\/wp-json\/wp\/v2\/pages\/9795\/revisions\/13703"}],"wp:attachment":[{"href":"https:\/\/bertalansoos.com\/en\/wp-json\/wp\/v2\/media?parent=9795"}],"curies":[{"name":"wp","href":"https:\/\/api.w.org\/{rel}","templated":true}]}}